{"id":401,"date":"2023-05-19T11:16:01","date_gmt":"2023-05-19T11:16:01","guid":{"rendered":"https:\/\/sviluppo02.comoweb.it\/erfahrungen-umgebung\/"},"modified":"2023-05-20T14:22:42","modified_gmt":"2023-05-20T14:22:42","slug":"erfahrungen-umgebung","status":"publish","type":"page","link":"https:\/\/zarera.ch\/de\/erfahrungen-umgebung\/","title":{"rendered":"Erfahrungen &amp; Umgebung"},"content":{"rendered":"\t\t<div data-elementor-type=\"wp-page\" data-elementor-id=\"401\" class=\"elementor elementor-401 elementor-113\" data-elementor-post-type=\"page\">\n\t\t\t\t\t\t<section class=\"elementor-section elementor-top-section elementor-element elementor-element-cd4d2b3 elementor-section-boxed elementor-section-height-default elementor-section-height-default\" data-id=\"cd4d2b3\" data-element_type=\"section\" data-e-type=\"section\">\n\t\t\t\t\t\t<div class=\"elementor-container elementor-column-gap-default\">\n\t\t\t\t\t<div class=\"elementor-column elementor-col-50 elementor-top-column elementor-element elementor-element-15fbcfd\" data-id=\"15fbcfd\" data-element_type=\"column\" data-e-type=\"column\">\n\t\t\t<div class=\"elementor-widget-wrap elementor-element-populated\">\n\t\t\t\t\t\t<div class=\"elementor-element elementor-element-283cd7e elementor-widget elementor-widget-image\" data-id=\"283cd7e\" data-element_type=\"widget\" data-e-type=\"widget\" data-widget_type=\"image.default\">\n\t\t\t\t<div class=\"elementor-widget-container\">\n\t\t\t\t\t\t\t\t\t\t\t\t\t\t\t<img fetchpriority=\"high\" decoding=\"async\" width=\"1024\" height=\"768\" src=\"https:\/\/zarera.ch\/wp-content\/uploads\/2023\/05\/2016-06-22-17-22-49.webp\" class=\"attachment-large size-large wp-image-295\" alt=\"\" srcset=\"https:\/\/zarera.ch\/wp-content\/uploads\/2023\/05\/2016-06-22-17-22-49.webp 1024w, https:\/\/zarera.ch\/wp-content\/uploads\/2023\/05\/2016-06-22-17-22-49-300x225.webp 300w, https:\/\/zarera.ch\/wp-content\/uploads\/2023\/05\/2016-06-22-17-22-49-768x576.webp 768w\" sizes=\"(max-width: 1024px) 100vw, 1024px\" \/>\t\t\t\t\t\t\t\t\t\t\t\t\t\t\t<\/div>\n\t\t\t\t<\/div>\n\t\t\t\t\t<\/div>\n\t\t<\/div>\n\t\t\t\t<div class=\"elementor-column elementor-col-50 elementor-top-column elementor-element elementor-element-e52fece\" data-id=\"e52fece\" data-element_type=\"column\" data-e-type=\"column\">\n\t\t\t<div class=\"elementor-widget-wrap elementor-element-populated\">\n\t\t\t\t\t\t<div class=\"elementor-element elementor-element-f88d5f4 elementor-widget elementor-widget-heading\" data-id=\"f88d5f4\" data-element_type=\"widget\" data-e-type=\"widget\" data-widget_type=\"heading.default\">\n\t\t\t\t<div class=\"elementor-widget-container\">\n\t\t\t\t\t<h2 class=\"elementor-heading-title elementor-size-default\">Suchen Sie einzigartige Erlebnisse?\n<br>Schau es dir hier an!<\/h2>\t\t\t\t<\/div>\n\t\t\t\t<\/div>\n\t\t\t\t<div class=\"elementor-element elementor-element-92cbab1 elementor-widget-divider--view-line elementor-widget elementor-widget-divider\" data-id=\"92cbab1\" data-element_type=\"widget\" data-e-type=\"widget\" data-widget_type=\"divider.default\">\n\t\t\t\t<div class=\"elementor-widget-container\">\n\t\t\t\t\t\t\t<div class=\"elementor-divider\">\n\t\t\t<span class=\"elementor-divider-separator\">\n\t\t\t\t\t\t<\/span>\n\t\t<\/div>\n\t\t\t\t\t\t<\/div>\n\t\t\t\t<\/div>\n\t\t\t\t<div class=\"elementor-element elementor-element-1066c4f elementor-widget__width-initial elementor-widget elementor-widget-text-editor\" data-id=\"1066c4f\" data-element_type=\"widget\" data-e-type=\"widget\" data-widget_type=\"text-editor.default\">\n\t\t\t\t<div class=\"elementor-widget-container\">\n\t\t\t\t\t\t\t\t\t<p><span style=\"color: #494949;\">Fuer sportliche\/kulturelle\/soziale Angebote der Zone koennt ihr direkt <a style=\"color: #494949;\" href=\"https:\/\/engadinexperience.ch\/experience\">Engadinexperience<\/a> am volgenden link kontaktieren: <a style=\"color: #494949;\" href=\"https:\/\/engadinexperience.ch\/experience\">https:\/\/engadinexperience.ch\/experience<\/a><\/span><\/p>\n\t\t\t\t\t\t\t\t<\/div>\n\t\t\t\t<\/div>\n\t\t\t\t\t<\/div>\n\t\t<\/div>\n\t\t\t\t\t<\/div>\n\t\t<\/section>\n\t\t\t\t<section class=\"elementor-section elementor-top-section elementor-element elementor-element-6dd1d5e elementor-section-boxed elementor-section-height-default elementor-section-height-default\" data-id=\"6dd1d5e\" data-element_type=\"section\" data-e-type=\"section\">\n\t\t\t\t\t\t<div class=\"elementor-container elementor-column-gap-default\">\n\t\t\t\t\t<div class=\"elementor-column elementor-col-50 elementor-top-column elementor-element elementor-element-ddf6021\" data-id=\"ddf6021\" data-element_type=\"column\" data-e-type=\"column\">\n\t\t\t<div class=\"elementor-widget-wrap elementor-element-populated\">\n\t\t\t\t\t\t<div class=\"elementor-element elementor-element-fd360a9 elementor-widget elementor-widget-heading\" data-id=\"fd360a9\" data-element_type=\"widget\" data-e-type=\"widget\" data-widget_type=\"heading.default\">\n\t\t\t\t<div class=\"elementor-widget-container\">\n\t\t\t\t\t<h2 class=\"elementor-heading-title elementor-size-default\">Val Poschiavo\n<br>eine traumhafte Feriengegend<\/h2>\t\t\t\t<\/div>\n\t\t\t\t<\/div>\n\t\t\t\t<div class=\"elementor-element elementor-element-b608cd2 elementor-widget-divider--view-line elementor-widget elementor-widget-divider\" data-id=\"b608cd2\" data-element_type=\"widget\" data-e-type=\"widget\" data-widget_type=\"divider.default\">\n\t\t\t\t<div class=\"elementor-widget-container\">\n\t\t\t\t\t\t\t<div class=\"elementor-divider\">\n\t\t\t<span class=\"elementor-divider-separator\">\n\t\t\t\t\t\t<\/span>\n\t\t<\/div>\n\t\t\t\t\t\t<\/div>\n\t\t\t\t<\/div>\n\t\t\t\t<div class=\"elementor-element elementor-element-6bed2a4 elementor-widget__width-initial elementor-widget elementor-widget-text-editor\" data-id=\"6bed2a4\" data-element_type=\"widget\" data-e-type=\"widget\" data-widget_type=\"text-editor.default\">\n\t\t\t\t<div class=\"elementor-widget-container\">\n\t\t\t\t\t\t\t\t\t<p>Die authentische Natur- und Kulturlandschaft des Val Poschiavo erstreckt sich \u00fcber nur 25 Kilometer Luftlinie von den Eisriesen der Berninakette bis hinunter zu den Weinreben des Veltlins. In diesen Raum eingewoben ist eine Vielzahl von Natursch\u00f6nheiten, h\u00fcbschen St\u00e4dtchen mit interessanten Kulturdenkm\u00e4lern, Kirchen und Pal\u00e4sten. Kurz: Die intakte Natur und die kulturellen Reize sind das ganze Jahr \u00fcber eine Reise wert!<\/p>\n\t\t\t\t\t\t\t\t<\/div>\n\t\t\t\t<\/div>\n\t\t\t\t\t<\/div>\n\t\t<\/div>\n\t\t\t\t<div class=\"elementor-column elementor-col-50 elementor-top-column elementor-element elementor-element-e3ea107\" data-id=\"e3ea107\" data-element_type=\"column\" data-e-type=\"column\">\n\t\t\t<div class=\"elementor-widget-wrap elementor-element-populated\">\n\t\t\t\t\t\t<div class=\"elementor-element elementor-element-8d64ec0 elementor-widget elementor-widget-image\" data-id=\"8d64ec0\" data-element_type=\"widget\" data-e-type=\"widget\" data-widget_type=\"image.default\">\n\t\t\t\t<div class=\"elementor-widget-container\">\n\t\t\t\t\t\t\t\t\t\t\t\t\t\t\t<img decoding=\"async\" width=\"1024\" height=\"768\" src=\"https:\/\/zarera.ch\/wp-content\/uploads\/2023\/05\/saoseo-1024x768.webp\" class=\"attachment-large size-large wp-image-366\" alt=\"\" srcset=\"https:\/\/zarera.ch\/wp-content\/uploads\/2023\/05\/saoseo-1024x768.webp 1024w, https:\/\/zarera.ch\/wp-content\/uploads\/2023\/05\/saoseo-300x225.webp 300w, https:\/\/zarera.ch\/wp-content\/uploads\/2023\/05\/saoseo-768x576.webp 768w, https:\/\/zarera.ch\/wp-content\/uploads\/2023\/05\/saoseo-1536x1152.webp 1536w, https:\/\/zarera.ch\/wp-content\/uploads\/2023\/05\/saoseo.webp 1600w\" sizes=\"(max-width: 1024px) 100vw, 1024px\" \/>\t\t\t\t\t\t\t\t\t\t\t\t\t\t\t<\/div>\n\t\t\t\t<\/div>\n\t\t\t\t<div class=\"elementor-element elementor-element-81d219d elementor-widget elementor-widget-image\" data-id=\"81d219d\" data-element_type=\"widget\" data-e-type=\"widget\" data-widget_type=\"image.default\">\n\t\t\t\t<div class=\"elementor-widget-container\">\n\t\t\t\t\t\t\t\t\t\t\t\t\t\t\t<img decoding=\"async\" width=\"1024\" height=\"768\" src=\"https:\/\/zarera.ch\/wp-content\/uploads\/2023\/05\/img_1503-scaled-1-1024x768.webp\" class=\"attachment-large size-large wp-image-335\" alt=\"\" srcset=\"https:\/\/zarera.ch\/wp-content\/uploads\/2023\/05\/img_1503-scaled-1-1024x768.webp 1024w, https:\/\/zarera.ch\/wp-content\/uploads\/2023\/05\/img_1503-scaled-1-300x225.webp 300w, https:\/\/zarera.ch\/wp-content\/uploads\/2023\/05\/img_1503-scaled-1-768x576.webp 768w, https:\/\/zarera.ch\/wp-content\/uploads\/2023\/05\/img_1503-scaled-1-1536x1152.webp 1536w, https:\/\/zarera.ch\/wp-content\/uploads\/2023\/05\/img_1503-scaled-1-2048x1536.webp 2048w\" sizes=\"(max-width: 1024px) 100vw, 1024px\" \/>\t\t\t\t\t\t\t\t\t\t\t\t\t\t\t<\/div>\n\t\t\t\t<\/div>\n\t\t\t\t\t<\/div>\n\t\t<\/div>\n\t\t\t\t\t<\/div>\n\t\t<\/section>\n\t\t\t\t<section class=\"elementor-section elementor-top-section elementor-element elementor-element-4cd051a elementor-section-boxed elementor-section-height-default elementor-section-height-default\" data-id=\"4cd051a\" data-element_type=\"section\" data-e-type=\"section\">\n\t\t\t\t\t\t<div class=\"elementor-container elementor-column-gap-default\">\n\t\t\t\t\t<div class=\"elementor-column elementor-col-33 elementor-top-column elementor-element elementor-element-f3ba8a1\" data-id=\"f3ba8a1\" data-element_type=\"column\" data-e-type=\"column\">\n\t\t\t<div class=\"elementor-widget-wrap elementor-element-populated\">\n\t\t\t\t\t\t<div class=\"elementor-element elementor-element-2bf8dd4 elementor-widget elementor-widget-image\" data-id=\"2bf8dd4\" data-element_type=\"widget\" data-e-type=\"widget\" data-widget_type=\"image.default\">\n\t\t\t\t<div class=\"elementor-widget-container\">\n\t\t\t\t\t\t\t\t\t\t\t\t\t\t\t<img decoding=\"async\" width=\"1024\" height=\"768\" src=\"https:\/\/zarera.ch\/wp-content\/uploads\/2023\/05\/saoseo-1024x768.webp\" class=\"attachment-large size-large wp-image-366\" alt=\"\" srcset=\"https:\/\/zarera.ch\/wp-content\/uploads\/2023\/05\/saoseo-1024x768.webp 1024w, https:\/\/zarera.ch\/wp-content\/uploads\/2023\/05\/saoseo-300x225.webp 300w, https:\/\/zarera.ch\/wp-content\/uploads\/2023\/05\/saoseo-768x576.webp 768w, https:\/\/zarera.ch\/wp-content\/uploads\/2023\/05\/saoseo-1536x1152.webp 1536w, https:\/\/zarera.ch\/wp-content\/uploads\/2023\/05\/saoseo.webp 1600w\" sizes=\"(max-width: 1024px) 100vw, 1024px\" \/>\t\t\t\t\t\t\t\t\t\t\t\t\t\t\t<\/div>\n\t\t\t\t<\/div>\n\t\t\t\t<div class=\"elementor-element elementor-element-821d897 elementor-widget elementor-widget-heading\" data-id=\"821d897\" data-element_type=\"widget\" data-e-type=\"widget\" data-widget_type=\"heading.default\">\n\t\t\t\t<div class=\"elementor-widget-container\">\n\t\t\t\t\t<h2 class=\"elementor-heading-title elementor-size-default\">Val di Campo<\/h2>\t\t\t\t<\/div>\n\t\t\t\t<\/div>\n\t\t\t\t<div class=\"elementor-element elementor-element-879fb39 elementor-widget__width-initial elementor-widget elementor-widget-text-editor\" data-id=\"879fb39\" data-element_type=\"widget\" data-e-type=\"widget\" data-widget_type=\"text-editor.default\">\n\t\t\t\t<div class=\"elementor-widget-container\">\n\t\t\t\t\t\t\t\t\t<p>Direkt vor der Haust\u00fcr liegt das Val di Campo, das wahrscheinlich beliebteste Ausflugsziel der Umgebung. Im autofreien Naturschutzgebiet kommen Wanderer, Hochtourengeher und Biker ganz sicher auf Ihre Kosten. Genie\u00dfen Sie die Einsamkeit und entdecken Sie die kleinen und gro\u00dfen Naturwunder des Tales: den t\u00fcrkisfarbenen Lago Saoseo, den geheimnisvoll schimmernden Lago Viola, die wilden Beeren, die wundersch\u00f6nen Alpenrosen\u2026 Vom Hotel aus geht es entweder zu Fu\u00df, mit dem Fahrrad oder mit einem Minibus bis in das Val di Campo.<\/p>\n\t\t\t\t\t\t\t\t<\/div>\n\t\t\t\t<\/div>\n\t\t\t\t<div class=\"elementor-element elementor-element-8eca4d1 elementor-align-justify elementor-widget elementor-widget-button\" data-id=\"8eca4d1\" data-element_type=\"widget\" data-e-type=\"widget\" data-widget_type=\"button.default\">\n\t\t\t\t<div class=\"elementor-widget-container\">\n\t\t\t\t\t\t\t\t\t<div class=\"elementor-button-wrapper\">\n\t\t\t\t\t<a class=\"elementor-button elementor-button-link elementor-size-sm\" href=\"https:\/\/www.youtube.com\/watch?v=deO8spi_2HA\">\n\t\t\t\t\t\t<span class=\"elementor-button-content-wrapper\">\n\t\t\t\t\t\t\t\t\t<span class=\"elementor-button-text\">Im Flug \u00fcber das Val di Campo<\/span>\n\t\t\t\t\t<\/span>\n\t\t\t\t\t<\/a>\n\t\t\t\t<\/div>\n\t\t\t\t\t\t\t\t<\/div>\n\t\t\t\t<\/div>\n\t\t\t\t\t<\/div>\n\t\t<\/div>\n\t\t\t\t<div class=\"elementor-column elementor-col-33 elementor-top-column elementor-element elementor-element-d6ac8fb\" data-id=\"d6ac8fb\" data-element_type=\"column\" data-e-type=\"column\">\n\t\t\t<div class=\"elementor-widget-wrap elementor-element-populated\">\n\t\t\t\t\t\t<div class=\"elementor-element elementor-element-5590941 elementor-widget elementor-widget-image\" data-id=\"5590941\" data-element_type=\"widget\" data-e-type=\"widget\" data-widget_type=\"image.default\">\n\t\t\t\t<div class=\"elementor-widget-container\">\n\t\t\t\t\t\t\t\t\t\t\t\t\t\t\t<img loading=\"lazy\" decoding=\"async\" width=\"1024\" height=\"684\" src=\"https:\/\/zarera.ch\/wp-content\/uploads\/2023\/05\/0057672-1024x684.webp\" class=\"attachment-large size-large wp-image-305\" alt=\"\" srcset=\"https:\/\/zarera.ch\/wp-content\/uploads\/2023\/05\/0057672-1024x684.webp 1024w, https:\/\/zarera.ch\/wp-content\/uploads\/2023\/05\/0057672-300x200.webp 300w, https:\/\/zarera.ch\/wp-content\/uploads\/2023\/05\/0057672-768x513.webp 768w, https:\/\/zarera.ch\/wp-content\/uploads\/2023\/05\/0057672-1536x1025.webp 1536w, https:\/\/zarera.ch\/wp-content\/uploads\/2023\/05\/0057672.webp 2000w\" sizes=\"(max-width: 1024px) 100vw, 1024px\" \/>\t\t\t\t\t\t\t\t\t\t\t\t\t\t\t<\/div>\n\t\t\t\t<\/div>\n\t\t\t\t<div class=\"elementor-element elementor-element-bced8c7 elementor-widget elementor-widget-heading\" data-id=\"bced8c7\" data-element_type=\"widget\" data-e-type=\"widget\" data-widget_type=\"heading.default\">\n\t\t\t\t<div class=\"elementor-widget-container\">\n\t\t\t\t\t<h2 class=\"elementor-heading-title elementor-size-default\">Poschiavo<\/h2>\t\t\t\t<\/div>\n\t\t\t\t<\/div>\n\t\t\t\t<div class=\"elementor-element elementor-element-9e7d4ce elementor-widget__width-initial elementor-widget elementor-widget-text-editor\" data-id=\"9e7d4ce\" data-element_type=\"widget\" data-e-type=\"widget\" data-widget_type=\"text-editor.default\">\n\t\t\t\t<div class=\"elementor-widget-container\">\n\t\t\t\t\t\t\t\t\t<p>Poschiavo ist die gr\u00f6\u00dfte Ortschaft des Valposchiavo und liegt etwa 10 km vom Hotel entfernt. Ein Besuch des Wochenmarkts auf dem malerischen Dorfplatz,<br \/>des Heimatkunde Museums oder einfach ein Spaziergang um den Lago di Poschiavo lohnen sich auf jeden Fall immer.<\/p>\n\t\t\t\t\t\t\t\t<\/div>\n\t\t\t\t<\/div>\n\t\t\t\t<div class=\"elementor-element elementor-element-fc49b1b elementor-align-justify elementor-widget elementor-widget-button\" data-id=\"fc49b1b\" data-element_type=\"widget\" data-e-type=\"widget\" data-widget_type=\"button.default\">\n\t\t\t\t<div class=\"elementor-widget-container\">\n\t\t\t\t\t\t\t\t\t<div class=\"elementor-button-wrapper\">\n\t\t\t\t\t<a class=\"elementor-button elementor-button-link elementor-size-sm\" href=\"http:\/\/rhb.ch\/\">\n\t\t\t\t\t\t<span class=\"elementor-button-content-wrapper\">\n\t\t\t\t\t\t\t\t\t<span class=\"elementor-button-text\">Z\u00fcge info- Rh\u00e4tische Bahn<\/span>\n\t\t\t\t\t<\/span>\n\t\t\t\t\t<\/a>\n\t\t\t\t<\/div>\n\t\t\t\t\t\t\t\t<\/div>\n\t\t\t\t<\/div>\n\t\t\t\t\t<\/div>\n\t\t<\/div>\n\t\t\t\t<div class=\"elementor-column elementor-col-33 elementor-top-column elementor-element elementor-element-b64427a\" data-id=\"b64427a\" data-element_type=\"column\" data-e-type=\"column\">\n\t\t\t<div class=\"elementor-widget-wrap elementor-element-populated\">\n\t\t\t\t\t\t<div class=\"elementor-element elementor-element-a21eb3d elementor-widget elementor-widget-image\" data-id=\"a21eb3d\" data-element_type=\"widget\" data-e-type=\"widget\" data-widget_type=\"image.default\">\n\t\t\t\t<div class=\"elementor-widget-container\">\n\t\t\t\t\t\t\t\t\t\t\t\t\t\t\t<img loading=\"lazy\" decoding=\"async\" width=\"682\" height=\"1024\" src=\"https:\/\/zarera.ch\/wp-content\/uploads\/2023\/05\/0056989-682x1024.webp\" class=\"attachment-large size-large wp-image-299\" alt=\"\" srcset=\"https:\/\/zarera.ch\/wp-content\/uploads\/2023\/05\/0056989-682x1024.webp 682w, https:\/\/zarera.ch\/wp-content\/uploads\/2023\/05\/0056989-200x300.webp 200w, https:\/\/zarera.ch\/wp-content\/uploads\/2023\/05\/0056989-768x1152.webp 768w, https:\/\/zarera.ch\/wp-content\/uploads\/2023\/05\/0056989-1024x1536.webp 1024w, https:\/\/zarera.ch\/wp-content\/uploads\/2023\/05\/0056989.webp 1333w\" sizes=\"(max-width: 682px) 100vw, 682px\" \/>\t\t\t\t\t\t\t\t\t\t\t\t\t\t\t<\/div>\n\t\t\t\t<\/div>\n\t\t\t\t<div class=\"elementor-element elementor-element-2e3abc7 elementor-widget elementor-widget-heading\" data-id=\"2e3abc7\" data-element_type=\"widget\" data-e-type=\"widget\" data-widget_type=\"heading.default\">\n\t\t\t\t<div class=\"elementor-widget-container\">\n\t\t\t\t\t<h2 class=\"elementor-heading-title elementor-size-default\">Poschiavo See<\/h2>\t\t\t\t<\/div>\n\t\t\t\t<\/div>\n\t\t\t\t<div class=\"elementor-element elementor-element-4fb1938 elementor-widget__width-initial elementor-widget elementor-widget-text-editor\" data-id=\"4fb1938\" data-element_type=\"widget\" data-e-type=\"widget\" data-widget_type=\"text-editor.default\">\n\t\t\t\t<div class=\"elementor-widget-container\">\n\t\t\t\t\t\t\t\t\t<p>Der Poschiavo-See ist ein wundersch\u00f6ner nat\u00fcrlicher Stausee und liegt 966 Meter \u00fcber dem Meeresspiegel.<br \/>Die Spazierg\u00e4nge f\u00fchren Sie herum und auch das gr\u00f6\u00dfte Passagierschiff in Graub\u00fcnden.<\/p>\n\t\t\t\t\t\t\t\t<\/div>\n\t\t\t\t<\/div>\n\t\t\t\t\t<\/div>\n\t\t<\/div>\n\t\t\t\t\t<\/div>\n\t\t<\/section>\n\t\t\t\t<section class=\"elementor-section elementor-top-section elementor-element elementor-element-6fac5b7 elementor-section-boxed elementor-section-height-default elementor-section-height-default\" data-id=\"6fac5b7\" data-element_type=\"section\" data-e-type=\"section\">\n\t\t\t\t\t\t<div class=\"elementor-container elementor-column-gap-default\">\n\t\t\t\t\t<div class=\"elementor-column elementor-col-33 elementor-top-column elementor-element elementor-element-bd4e007\" data-id=\"bd4e007\" data-element_type=\"column\" data-e-type=\"column\">\n\t\t\t<div class=\"elementor-widget-wrap elementor-element-populated\">\n\t\t\t\t\t\t<div class=\"elementor-element elementor-element-b0221ac elementor-widget elementor-widget-image\" data-id=\"b0221ac\" data-element_type=\"widget\" data-e-type=\"widget\" data-widget_type=\"image.default\">\n\t\t\t\t<div class=\"elementor-widget-container\">\n\t\t\t\t\t\t\t\t\t\t\t\t\t\t\t<img loading=\"lazy\" decoding=\"async\" width=\"1024\" height=\"682\" src=\"https:\/\/zarera.ch\/wp-content\/uploads\/2023\/05\/0056988-1024x682.webp\" class=\"attachment-large size-large wp-image-298\" alt=\"\" srcset=\"https:\/\/zarera.ch\/wp-content\/uploads\/2023\/05\/0056988-1024x682.webp 1024w, https:\/\/zarera.ch\/wp-content\/uploads\/2023\/05\/0056988-300x200.webp 300w, https:\/\/zarera.ch\/wp-content\/uploads\/2023\/05\/0056988-768x512.webp 768w, https:\/\/zarera.ch\/wp-content\/uploads\/2023\/05\/0056988-1536x1024.webp 1536w, https:\/\/zarera.ch\/wp-content\/uploads\/2023\/05\/0056988.webp 2000w\" sizes=\"(max-width: 1024px) 100vw, 1024px\" \/>\t\t\t\t\t\t\t\t\t\t\t\t\t\t\t<\/div>\n\t\t\t\t<\/div>\n\t\t\t\t<div class=\"elementor-element elementor-element-50e65ab elementor-widget elementor-widget-heading\" data-id=\"50e65ab\" data-element_type=\"widget\" data-e-type=\"widget\" data-widget_type=\"heading.default\">\n\t\t\t\t<div class=\"elementor-widget-container\">\n\t\t\t\t\t<h2 class=\"elementor-heading-title elementor-size-default\">Cavaglia Gletschergarten<\/h2>\t\t\t\t<\/div>\n\t\t\t\t<\/div>\n\t\t\t\t<div class=\"elementor-element elementor-element-5ac9977 elementor-widget__width-initial elementor-widget elementor-widget-text-editor\" data-id=\"5ac9977\" data-element_type=\"widget\" data-e-type=\"widget\" data-widget_type=\"text-editor.default\">\n\t\t\t\t<div class=\"elementor-widget-container\">\n\t\t\t\t\t\t\t\t\t<p>Die Schlagl\u00f6cher der Riesen von Cavaglia sind das Ergebnis der starken Rotationsbewegung von Steinen, Sand und Wasser, die durch den tausendj\u00e4hrigen R\u00fcckzug des Eises erzeugt wurde. Sie f\u00fchren zu Vertiefungen im bis zu 10 Meter tiefen Gestein. Das Spektakel der Landschaft und die unglaubliche Aussicht auf das Poschiavo-Tal werden Sie sprachlos machen. Die G\u00e4rten k\u00f6nnen auch von Sfaz\u00f9 aus erreicht werden, mit einer faszinierenden 4-st\u00fcndigen Wanderung durch einen wilden Pfad inmitten des Waldes. Der Besuch des Gletschergartens dauert mindestens 30 Minuten. F\u00fchrungen k\u00f6nnen zwischen 45 und 90 Minuten dauern.<\/p>\n\t\t\t\t\t\t\t\t<\/div>\n\t\t\t\t<\/div>\n\t\t\t\t<div class=\"elementor-element elementor-element-21a5285 elementor-align-justify elementor-widget elementor-widget-button\" data-id=\"21a5285\" data-element_type=\"widget\" data-e-type=\"widget\" data-widget_type=\"button.default\">\n\t\t\t\t<div class=\"elementor-widget-container\">\n\t\t\t\t\t\t\t\t\t<div class=\"elementor-button-wrapper\">\n\t\t\t\t\t<a class=\"elementor-button elementor-button-link elementor-size-sm\" href=\"https:\/\/www.youtube.com\/watch?v=31WOWDzUjks&#038;feature=emb_title\">\n\t\t\t\t\t\t<span class=\"elementor-button-content-wrapper\">\n\t\t\t\t\t\t\t\t\t<span class=\"elementor-button-text\">Entdecken Sie die G\u00e4rten<\/span>\n\t\t\t\t\t<\/span>\n\t\t\t\t\t<\/a>\n\t\t\t\t<\/div>\n\t\t\t\t\t\t\t\t<\/div>\n\t\t\t\t<\/div>\n\t\t\t\t\t<\/div>\n\t\t<\/div>\n\t\t\t\t<div class=\"elementor-column elementor-col-33 elementor-top-column elementor-element elementor-element-e6aec73\" data-id=\"e6aec73\" data-element_type=\"column\" data-e-type=\"column\">\n\t\t\t<div class=\"elementor-widget-wrap elementor-element-populated\">\n\t\t\t\t\t\t<div class=\"elementor-element elementor-element-5ca8c53 elementor-widget elementor-widget-image\" data-id=\"5ca8c53\" data-element_type=\"widget\" data-e-type=\"widget\" data-widget_type=\"image.default\">\n\t\t\t\t<div class=\"elementor-widget-container\">\n\t\t\t\t\t\t\t\t\t\t\t\t\t\t\t<img loading=\"lazy\" decoding=\"async\" width=\"1024\" height=\"683\" src=\"https:\/\/zarera.ch\/wp-content\/uploads\/2023\/05\/0000801-1024x683.webp\" class=\"attachment-large size-large wp-image-293\" alt=\"\" srcset=\"https:\/\/zarera.ch\/wp-content\/uploads\/2023\/05\/0000801-1024x683.webp 1024w, https:\/\/zarera.ch\/wp-content\/uploads\/2023\/05\/0000801-300x200.webp 300w, https:\/\/zarera.ch\/wp-content\/uploads\/2023\/05\/0000801-768x512.webp 768w, https:\/\/zarera.ch\/wp-content\/uploads\/2023\/05\/0000801-1536x1024.webp 1536w, https:\/\/zarera.ch\/wp-content\/uploads\/2023\/05\/0000801-2048x1365.webp 2048w\" sizes=\"(max-width: 1024px) 100vw, 1024px\" \/>\t\t\t\t\t\t\t\t\t\t\t\t\t\t\t<\/div>\n\t\t\t\t<\/div>\n\t\t\t\t<div class=\"elementor-element elementor-element-5d694dc elementor-widget elementor-widget-heading\" data-id=\"5d694dc\" data-element_type=\"widget\" data-e-type=\"widget\" data-widget_type=\"heading.default\">\n\t\t\t\t<div class=\"elementor-widget-container\">\n\t\t\t\t\t<h2 class=\"elementor-heading-title elementor-size-default\">Routen f\u00fcr Fahrrad und MTB<\/h2>\t\t\t\t<\/div>\n\t\t\t\t<\/div>\n\t\t\t\t<div class=\"elementor-element elementor-element-8222b90 elementor-widget__width-initial elementor-widget elementor-widget-text-editor\" data-id=\"8222b90\" data-element_type=\"widget\" data-e-type=\"widget\" data-widget_type=\"text-editor.default\">\n\t\t\t\t<div class=\"elementor-widget-container\">\n\t\t\t\t\t\t\t\t\t<p>Unser Hotel ist eine Kreuzung der Hauptwege f\u00fcr Biker und MTB-Liebhaber auf allen Ebenen.<br \/>In Sfaz\u00f9 finden Sie tats\u00e4chlich die nachgezeichneten Gebiete der begehrten und ber\u00fchmten Gebiete von Livigno, dem Oberengadin und dem Valposchiavo.<\/p>\n\t\t\t\t\t\t\t\t<\/div>\n\t\t\t\t<\/div>\n\t\t\t\t<div class=\"elementor-element elementor-element-8d5c3ca elementor-align-justify elementor-widget elementor-widget-button\" data-id=\"8d5c3ca\" data-element_type=\"widget\" data-e-type=\"widget\" data-widget_type=\"button.default\">\n\t\t\t\t<div class=\"elementor-widget-container\">\n\t\t\t\t\t\t\t\t\t<div class=\"elementor-button-wrapper\">\n\t\t\t\t\t<a class=\"elementor-button elementor-button-link elementor-size-sm\" href=\"https:\/\/it.wikiloc.com\/percorsi\/mountain-bike\/svizzera\/cantone-dei-grigioni\/poschiavo\">\n\t\t\t\t\t\t<span class=\"elementor-button-content-wrapper\">\n\t\t\t\t\t\t\t\t\t<span class=\"elementor-button-text\">Entdecken Sie alle Routen<\/span>\n\t\t\t\t\t<\/span>\n\t\t\t\t\t<\/a>\n\t\t\t\t<\/div>\n\t\t\t\t\t\t\t\t<\/div>\n\t\t\t\t<\/div>\n\t\t\t\t\t<\/div>\n\t\t<\/div>\n\t\t\t\t<div class=\"elementor-column elementor-col-33 elementor-top-column elementor-element elementor-element-55fd1cb\" data-id=\"55fd1cb\" data-element_type=\"column\" data-e-type=\"column\">\n\t\t\t<div class=\"elementor-widget-wrap elementor-element-populated\">\n\t\t\t\t\t\t<div class=\"elementor-element elementor-element-16ef439 elementor-widget elementor-widget-image\" data-id=\"16ef439\" data-element_type=\"widget\" data-e-type=\"widget\" data-widget_type=\"image.default\">\n\t\t\t\t<div class=\"elementor-widget-container\">\n\t\t\t\t\t\t\t\t\t\t\t\t\t\t\t<img loading=\"lazy\" decoding=\"async\" width=\"640\" height=\"480\" src=\"https:\/\/zarera.ch\/wp-content\/uploads\/2023\/05\/image1.webp\" class=\"attachment-large size-large wp-image-332\" alt=\"\" srcset=\"https:\/\/zarera.ch\/wp-content\/uploads\/2023\/05\/image1.webp 640w, https:\/\/zarera.ch\/wp-content\/uploads\/2023\/05\/image1-300x225.webp 300w\" sizes=\"(max-width: 640px) 100vw, 640px\" \/>\t\t\t\t\t\t\t\t\t\t\t\t\t\t\t<\/div>\n\t\t\t\t<\/div>\n\t\t\t\t<div class=\"elementor-element elementor-element-2aeaeed elementor-widget elementor-widget-heading\" data-id=\"2aeaeed\" data-element_type=\"widget\" data-e-type=\"widget\" data-widget_type=\"heading.default\">\n\t\t\t\t<div class=\"elementor-widget-container\">\n\t\t\t\t\t<h2 class=\"elementor-heading-title elementor-size-default\">Skilift<\/h2>\t\t\t\t<\/div>\n\t\t\t\t<\/div>\n\t\t\t\t<div class=\"elementor-element elementor-element-4c38a0e elementor-widget__width-initial elementor-widget elementor-widget-text-editor\" data-id=\"4c38a0e\" data-element_type=\"widget\" data-e-type=\"widget\" data-widget_type=\"text-editor.default\">\n\t\t\t\t<div class=\"elementor-widget-container\">\n\t\t\t\t\t\t\t\t\t<p>Unser hoteleigener Kinder-Skilift bringt die Kleinen und Anf\u00e4nger auf eine sanfte und breite Piste. Die ersten Schw\u00fcnge gelingen ganz bestimmt \u2013 egal, ob auf Skis oder dem Snowboard.<\/p>\n\t\t\t\t\t\t\t\t<\/div>\n\t\t\t\t<\/div>\n\t\t\t\t\t<\/div>\n\t\t<\/div>\n\t\t\t\t\t<\/div>\n\t\t<\/section>\n\t\t\t\t<\/div>\n\t\t","protected":false},"excerpt":{"rendered":"<p>Suchen Sie einzigartige Erlebnisse? Schau es dir hier an! Fuer sportliche\/kulturelle\/soziale Angebote der Zone koennt ihr direkt Engadinexperience am volgenden link kontaktieren: https:\/\/engadinexperience.ch\/experience Val Poschiavo eine traumhafte Feriengegend Die authentische Natur- und Kulturlandschaft des Val Poschiavo erstreckt sich \u00fcber nur 25 Kilometer Luftlinie von den Eisriesen der Berninakette bis hinunter zu den Weinreben des Veltlins. [&hellip;]<\/p>\n","protected":false},"author":1,"featured_media":0,"parent":0,"menu_order":0,"comment_status":"closed","ping_status":"closed","template":"","meta":{"footnotes":""},"class_list":["post-401","page","type-page","status-publish","hentry"],"_links":{"self":[{"href":"https:\/\/zarera.ch\/de\/wp-json\/wp\/v2\/pages\/401","targetHints":{"allow":["GET"]}}],"collection":[{"href":"https:\/\/zarera.ch\/de\/wp-json\/wp\/v2\/pages"}],"about":[{"href":"https:\/\/zarera.ch\/de\/wp-json\/wp\/v2\/types\/page"}],"author":[{"embeddable":true,"href":"https:\/\/zarera.ch\/de\/wp-json\/wp\/v2\/users\/1"}],"replies":[{"embeddable":true,"href":"https:\/\/zarera.ch\/de\/wp-json\/wp\/v2\/comments?post=401"}],"version-history":[{"count":1,"href":"https:\/\/zarera.ch\/de\/wp-json\/wp\/v2\/pages\/401\/revisions"}],"predecessor-version":[{"id":402,"href":"https:\/\/zarera.ch\/de\/wp-json\/wp\/v2\/pages\/401\/revisions\/402"}],"wp:attachment":[{"href":"https:\/\/zarera.ch\/de\/wp-json\/wp\/v2\/media?parent=401"}],"curies":[{"name":"wp","href":"https:\/\/api.w.org\/{rel}","templated":true}]}}